{"id":338,"date":"2024-09-29T17:37:01","date_gmt":"2024-09-29T15:37:01","guid":{"rendered":"https:\/\/dev.jorgesimon.es\/?post_type=avada_faq&#038;p=338"},"modified":"2025-03-18T13:27:45","modified_gmt":"2025-03-18T11:27:45","slug":"es-obligatorio-tener-seguro-para-una-moto-que-no-utilizo","status":"publish","type":"avada_faq","link":"https:\/\/www.amv.es\/blog\/ufaq\/es-obligatorio-tener-seguro-para-una-moto-que-no-utilizo\/","title":{"rendered":"\u00bfEs obligatorio tener un seguro para una moto que no utilizo?"},"content":{"rendered":"<div class=\"fusion-fullwidth fullwidth-box fusion-builder-row-1 fusion-flex-container nonhundred-percent-fullwidth non-hundred-percent-height-scrolling\" style=\"--awb-border-radius-top-left:0px;--awb-border-radius-top-right:0px;--awb-border-radius-bottom-right:0px;--awb-border-radius-bottom-left:0px;--awb-flex-wrap:wrap;\" ><div class=\"fusion-builder-row fusion-row fusion-flex-align-items-flex-start fusion-flex-content-wrap\" style=\"max-width:1497.6px;margin-left: calc(-4% \/ 2 );margin-right: calc(-4% \/ 2 );\"><div class=\"fusion-layout-column fusion_builder_column fusion-builder-column-0 fusion_builder_column_1_1 1_1 fusion-flex-column\" style=\"--awb-bg-size:cover;--awb-width-large:100%;--awb-margin-top-large:0px;--awb-spacing-right-large:1.92%;--awb-margin-bottom-large:0px;--awb-spacing-left-large:1.92%;--awb-width-medium:100%;--awb-spacing-right-medium:1.92%;--awb-spacing-left-medium:1.92%;--awb-width-small:100%;--awb-spacing-right-small:1.92%;--awb-spacing-left-small:1.92%;\"><div class=\"fusion-column-wrapper fusion-flex-justify-content-flex-start fusion-content-layout-column\"><div class=\"fusion-text fusion-text-1\"><p>Si no usas el veh\u00edculo durante un largo periodo de tiempo, \u00bfno sabes\u00a0<strong>si es obligatorio tener un seguro de moto<\/strong>? Si no deseas ser sancionado, lee con atenci\u00f3n este post. Con el seguro del veh\u00edculo, \u00a1no te la juegues!<\/p>\n<p>Ya sea porque no quieren hacerse cargo de ellas, no pueden repararlas o prefieren desplazarse en otro medio de transporte, algunos motoristas dejan de usar sus motocicletas. Y llegados a ese punto, se preguntan si\u00a0<strong>es obligatorio tener un seguro de moto<\/strong>.<\/p>\n<p>Es normal que surja esta duda. \u00abSi no utilizo el veh\u00edculo, \u00bfpara qu\u00e9 voy a asegurarlo?<a>\u00bb<\/a>, razonan algunos usuarios. Si eres uno de ellos, vamos a explicarte cu\u00e1ndo se debe contratar un seguro y en qu\u00e9 casos estamos exentos de cumplir con este requisito legal. \u00a1Toma nota!<\/p>\n<h2 class=\"wp-block-heading\">\u00bfDebo asegurar mi moto aunque no la use?<\/h2>\n<p>Respecto a si\u00a0<strong>es obligatorio tener un seguro de moto<\/strong>\u00a0aunque no se use el veh\u00edculo, la respuesta es \u00abs\u00ed\u00bb. As\u00ed lo establece la\u00a0<a href=\"https:\/\/www.boe.es\/buscar\/pdf\/2004\/BOE-A-2004-18911-consolidado.pdf\">Ley sobre Responsabilidad Civil y Seguro en la Circulaci\u00f3n de Veh\u00edculos a Motor<\/a>:<\/p>\n<ul>\n<li>Todo propietario de veh\u00edculos a motor que tenga su estacionamiento habitual en Espa\u00f1a estar\u00e1 obligado a suscribir y mantener en vigor un contrato de seguro por cada veh\u00edculo de que sea titular.<\/li>\n<li>El seguro debe cubrir la responsabilidad civil hasta la cuant\u00eda de los l\u00edmites del aseguramiento obligatorio.<\/li>\n<\/ul>\n<p>Explicado de una manera m\u00e1s comprensible, la norma nos dice que el simple hecho de tener un veh\u00edculo a motor implica la contrataci\u00f3n, al menos, de un seguro obligatorio de responsabilidad civil.<\/p>\n<p>A trav\u00e9s de la\u00a0<a href=\"https:\/\/www.estamos-seguros.es\/coberturas\/responsabilidad-civil-obligatoria\/\">cobertura de Responsabilidad Civil obligatoria<\/a>, una compa\u00f1\u00eda cubrir\u00e1 los da\u00f1os personales y materiales que un motorista pueda causar a terceros con la moto asegurada. En la actualidad, los l\u00edmites del aseguramiento obligatorio son los siguientes:<\/p>\n<ul>\n<li>70 millones de euros por accidente en los da\u00f1os a las personas.<\/li>\n<li>15 millones de euros por accidente en los da\u00f1os materiales.<\/li>\n<\/ul>\n<p>En definitiva, el seguro de moto es obligatorio aunque no se utilice el veh\u00edculo. Y ello es as\u00ed porque, incluso con la motocicleta estacionada, es posible causar da\u00f1os a terceros.<\/p>\n<h2 class=\"wp-block-heading\">\u00bfPor qu\u00e9 es necesario asegurar la moto si no la uso?<\/h2>\n<p>En un principio, podr\u00eda parecer un contrasentido. Si la ley hace referencia a la responsabilidad civil en la circulaci\u00f3n de veh\u00edculos a motor, \u00bfpor qu\u00e9\u00a0<strong>es<\/strong>\u00a0<strong>obligatorio tener un seguro de moto<\/strong>\u00a0cuando no se usa?<\/p>\n<p>Pues por algo muy sencillo: como coment\u00e1bamos en el apartado anterior, una motocicleta que no se utilice tambi\u00e9n puede ocasionar da\u00f1os personales o materiales a terceros. Veamos algunos ejemplos:<\/p>\n<ul>\n<li>Imagina que tu moto se halla estacionada en la calle o guardada en una plaza de garaje. En un momento dado, la pata de cabra se rompe. Y la motocicleta se cae causando da\u00f1os a las personas o los veh\u00edculos que se encuentran junto a ella.<\/li>\n<li>Del mismo modo, una moto no est\u00e1 exenta de sufrir un cortocircuito que origine un incendio. En este supuesto, la propagaci\u00f3n del fuego podr\u00eda tener consecuencias fatales para terceros.<\/li>\n<\/ul>\n<p>As\u00ed pues, por todo lo expuesto, ya sabes\u00a0<a href=\"https:\/\/www.amv.es\/blog\/noticias-motor\/por-que-contratar-un-seguro-de-moto\/\">por qu\u00e9 debes contratar un seguro de moto<\/a>. Equivocadamente, solemos relacionar un siniestro con accidentes de circulaci\u00f3n. Sin embargo, no es necesario que un veh\u00edculo est\u00e9 circulando para causar da\u00f1os personales o materiales a terceros. \u00a1Por eso es necesario contratar un seguro obligatorio de moto aunque el veh\u00edculo no se use!<\/p>\n<p>A prop\u00f3sito: desde 2008 no es necesario llevar el recibo del seguro entre los\u00a0<a href=\"https:\/\/www.amv.es\/blog\/noticias-motor\/papeles-y-documentacion-que-debes-llevar-en-tu-moto-para-no-ser-multado\/\">papeles de la moto<\/a>, pero s\u00ed muy recomendable. Y por si no lo sab\u00edas, tambi\u00e9n es posible incluir los datos de la p\u00f3liza en la\u00a0<a href=\"https:\/\/sede.dgt.gob.es\/es\/appmidgt\/\"><em>app<\/em>\u00a0miDGT<\/a>. Se trata de una aplicaci\u00f3n oficial de la Direcci\u00f3n General de Tr\u00e1fico (DGT) que facilita llevar el carn\u00e9 de conducir y toda la documentaci\u00f3n del veh\u00edculo en el\u00a0<em>smartphone<\/em>.<\/p>\n<h2 class=\"wp-block-heading\">\u00bfCu\u00e1ndo no hace falta asegurar la moto?<\/h2>\n<p>Como ver\u00e1s, por norma general\u00a0<strong>es obligatorio tener un seguro de moto<\/strong>. No obstante, si no vamos a utilizar el veh\u00edculo durante un largo periodo de tiempo, la DGT nos ofrece la posibilidad de quedar exentos de dicha obligaci\u00f3n al\u00a0<a href=\"https:\/\/sede.dgt.gob.es\/es\/vehiculos\/altas-bajas-y-rehabilitacion-de-vehiculos\/baja-temporal-vehiculo\/index.shtml\">darlo de baja temporalmente<\/a>.<\/p>\n<ul>\n<li>La baja temporal de un veh\u00edculo tiene una duraci\u00f3n de un a\u00f1o. Y, si as\u00ed se desea, puede solicitarse una pr\u00f3rroga \u2013hasta dos meses antes de la finalizaci\u00f3n de la baja en curso\u2013.<\/li>\n<li>Mientras una moto est\u00e9 dada de baja temporalmente, no se podr\u00e1 circular con ella.<\/li>\n<li>Adem\u00e1s, tendr\u00e1 que guardarse en una propiedad privada. Por lo tanto, no podr\u00e1 permanecer estacionada en la calle ni en un garaje comunitario.<\/li>\n<li>En situaci\u00f3n de baja temporal, y guardada en una propiedad privada, una moto queda exenta de tener un seguro obligatorio en vigor.<\/li>\n<li>Por el contrario, advierten desde la DGT, \u00abcualquier veh\u00edculo estacionado en la v\u00eda p\u00fablica, est\u00e9 o no de baja, debe tener el seguro y la ITV en vigor\u00bb.<\/li>\n<\/ul>\n<p>Moraleja: si no vas usar tu moto y prefieres desentenderte de tus obligaciones como propietario del veh\u00edculo \u2013como contratar un seguro obligatorio\u2013, deber\u00e1s tramitar su baja temporal y guardarla en una propiedad privada.<\/p>\n<h2 class=\"wp-block-heading\">\u00bfDebo pasar la ITV si no tengo seguro?<\/h2>\n<p>Por cierto: la DGT tambi\u00e9n precisa que una moto en situaci\u00f3n de baja temporal que carezca de seguro no est\u00e1 obligada a pasar la Inspecci\u00f3n T\u00e9cnica de Veh\u00edculos (ITV).<\/p>\n<p>En el caso de las motos que est\u00e1n dadas de alta en Tr\u00e1fico \u2013esto es, la mayor\u00eda\u2013, conviene saber que no pasar\u00e1n la ITV si no tienen un seguro de moto en vigor. Hoy en d\u00eda, las estaciones de ITV pueden saber si una motocicleta est\u00e1 asegurada consultando el\u00a0<a href=\"https:\/\/www.consorseguros.es\/web\/ambitos-de-actividad\/seguros-de-automoviles\/fiva\">Fichero Informativo de Veh\u00edculos Asegurados<\/a>\u00a0(FIVA).<\/p>\n<h2 class=\"wp-block-heading\">\u00bfQu\u00e9 cubre el seguro obligatorio de moto?<\/h2>\n<p>Si no vas a utilizar tu moto, y no puedes guardarla en una propiedad privada, tendr\u00e1s que asegurarla. Si no tienes claro qu\u00e9 cubre el seguro obligatorio, debes saber que la modalidad de aseguramiento m\u00e1s b\u00e1sica incluye estas coberturas:<\/p>\n<ul>\n<li>Responsabilidad Civil obligatoria. Como ya hemos explicado, es la garant\u00eda destinada a cubrir los da\u00f1os personales y materiales que se causen a terceros. \u00a1Por eso el seguro obligatorio se llama Seguro a Terceros!<\/li>\n<li>Riesgos Extraordinarios. Esta cobertura corre a cargo del Consorcio de Compensaci\u00f3n de Seguros y cubre los denominados\u00a0<a href=\"https:\/\/www.amv.es\/blog\/noticias-motor\/que-es-el-seguro-de-riesgos-extraordinarios\/\">riesgos extraordinarios<\/a>: da\u00f1os provocados por la naturaleza, acciones terroristas, actuaciones de las Fuerzas y Cuerpos de Seguridad\u2026<\/li>\n<\/ul>\n<p>Con el objetivo de ampliar el alcance del seguro obligatorio de moto, las compa\u00f1\u00edas aseguradoras incluyen otras garant\u00edas en el Seguro a Terceros.<\/p>\n<p>En AMV, buenos conocedores de las necesidades de los motoristas, ofrecemos un seguro obligatorio muy completo, ya que a las citadas coberturas sumamos las siguientes:<\/p>\n<ul>\n<li>Responsabilidad Civil voluntaria \u2013ampl\u00eda los l\u00edmites contemplados en la garant\u00eda obligatoria\u2013.<\/li>\n<li>Protecci\u00f3n Jur\u00eddica.<\/li>\n<li>Reclamaci\u00f3n de Da\u00f1os.<\/li>\n<li>Garant\u00eda de\u00a0<a href=\"https:\/\/www.amv.es\/blog\/noticias-motor\/seguro-de-moto-con-cobertura-de-equipamiento\/\">Casco<\/a>\u00a0y\u00a0<a href=\"https:\/\/www.amv.es\/blog\/noticias-motor\/casco-con-garantia-y-chaleco-de-moto-con-airbag\/\">Chaleco airbag de motorista<\/a>.<\/li>\n<li>Asistencia por Repostaje Incorrecto.<\/li>\n<li>Seguro de Protecci\u00f3n de Pagos.<\/li>\n<\/ul>\n<h3 class=\"wp-block-heading\">\u00bfQu\u00e9 otros seguros de moto se pueden contratar?<\/h3>\n<p>Ahora ya sabes qu\u00e9 cubre el seguro de responsabilidad civil obligatorio. Esta es la modalidad que deber\u00e1s contratar si no vas a utilizar tu moto y durante un largo periodo de tiempo va a permanecer estacionada en la calle o un garaje comunitario.<\/p>\n<p>\u00bfDeseas un nivel de protecci\u00f3n mayor y dormir m\u00e1s tranquilo? Si es as\u00ed, una buena idea es elegir otro tipo de seguro:<\/p>\n<ul>\n<li>Seguro a Terceros ampliado con coberturas de da\u00f1os por colisi\u00f3n \u2013entre ellos, los relacionados con el\u00a0<a href=\"https:\/\/www.amv.es\/blog\/noticias-motor\/seguro-con-cobertura-de-danos-cinegeticos\/\">impacto contra especies cineg\u00e9ticas<\/a>\u2013.<\/li>\n<li>Seguro a Terceros ampliado con las garant\u00edas de\u00a0<a href=\"https:\/\/www.amv.es\/blog\/noticias-motor\/que-cubren-las-coberturas-de-robo-e-incendio-de-moto\/\">Robo e Incendio<\/a>.<\/li>\n<li>Seguro a Todo Riesgo.<\/li>\n<\/ul>\n<p>Y pensando en los motoristas m\u00e1s exigentes, posibilitamos que el tomador del seguro a\u00f1ada las coberturas de Accidentes del Conductor, Asistencia en Viaje con\u00a0<a href=\"https:\/\/www.amv.es\/blog\/noticias-motor\/en-que-consiste-la-cobertura-de-asistencia-en-viaje\/\">servicio de gr\u00faa<\/a>\u00a0y Equipamiento.<\/p>\n<h2 class=\"wp-block-heading\">\u00bfDebo pagar el Impuesto de Circulaci\u00f3n?<\/h2>\n<p>Entre las obligaciones de un motorista figura pagar el\u00a0<a href=\"https:\/\/www.dgt.es\/nuestros-servicios\/tu-vehiculo\/tus-vehiculos\/impuesto-de-circulacion-ivtm\/\">Impuesto de Circulaci\u00f3n<\/a>\u00a0municipal. Tambi\u00e9n conocido como Impuesto sobre Veh\u00edculos de Tracci\u00f3n Mec\u00e1nica (IVTM), es un tributo anual que autoriza a circular por las v\u00edas p\u00fablicas de todo el pa\u00eds.<\/p>\n<ul>\n<li>Si tramitas la baja temporal de tu moto y la guardas en una propiedad privada, no estar\u00e1s obligado a pagar el Impuesto de Circulaci\u00f3n mientras permanezca en esa situaci\u00f3n.<\/li>\n<li>Pero si la moto est\u00e1 dada de alta en Tr\u00e1fico, deber\u00e1s abonarlo. No hacerlo puede suponer el embargo de la cuenta bancaria o del propio veh\u00edculo.<\/li>\n<\/ul>\n<h2 class=\"wp-block-heading\">\u00bfQu\u00e9 pasa si no pago el seguro de moto?<\/h2>\n<p>Por todo lo expuesto, confiamos en haberte ayudado a saber si\u00a0<strong>es obligatorio tener un seguro de moto<\/strong>\u00a0aunque no se mueva el veh\u00edculo. Si est\u00e1s obligado a ello y te preguntas\u00a0<a href=\"https:\/\/www.amv.es\/blog\/consejos-amv\/que-pasa-si-no-pago-el-seguro-de-moto\/\">qu\u00e9 pasa si no pago el seguro de moto<\/a>, es importante que sepas qu\u00e9 impacto tiene no suscribir una p\u00f3liza:<\/p>\n<ul>\n<li>En primer lugar, te enfrentas a una multa de 1.250 euros.<\/li>\n<li>De igual forma, si el veh\u00edculo es trasladado a un dep\u00f3sito deber\u00e1s afrontar los gastos de la gr\u00faa y realizar un pago para retirarlo.<\/li>\n<li>Si tu moto causa da\u00f1os a terceros tendr\u00e1s que asumir indemnizaciones de miles de euros de tu propio bolsillo.<\/li>\n<li>En el supuesto de que seas t\u00fa quien sufra da\u00f1os personales en un accidente de tr\u00e1fico y tengas que ser atendido, te tocar\u00e1 pagar la factura emitida por el centro sanitario.<\/li>\n<\/ul>\n<p>Entre otras, estas son las consecuencias de no asegurar un veh\u00edculo. Por ello, \u00a1no te la juegues! Aunque no vayas a usarlo, echa un vistazo a nuestros\u00a0<a href=\"https:\/\/www.amv.es\/seguro-moto\/\/\">seguros de moto<\/a>\u00a0y elige el que m\u00e1s se ajuste a tus necesidades.<\/p>\n<\/div><\/div><\/div><\/div><\/div>\n","protected":false},"excerpt":{"rendered":"<p>S\u00ed es obligatorio tener un seguro de moto aunque no se use el veh\u00edculo, la respuesta es \u00abs\u00ed\u00bb. As\u00ed lo establece la Ley sobre Responsabilidad Civil y Seguro en la Circulaci\u00f3n de Veh\u00edculos a Motor.<\/p>\n","protected":false},"author":3,"featured_media":4373,"menu_order":0,"comment_status":"closed","ping_status":"closed","template":"","format":"standard","meta":{"_acf_changed":false,"footnotes":""},"faq_category":[20,26],"class_list":["post-338","avada_faq","type-avada_faq","status-publish","format-standard","has-post-thumbnail","hentry","faq_category-consultas-generales","faq_category-portada-noticias"],"acf":[],"yoast_head":"<!-- This site is optimized with the Yoast SEO plugin v27.4 - https:\/\/yoast.com\/product\/yoast-seo-wordpress\/ -->\n<title>\u00bfEs obligatorio tener un seguro para una moto que no utilizo? | Blog AMV<\/title>\n<meta name=\"description\" content=\"rotege tu seguridad y cumple con la ley. Descubre por qu\u00e9 es obligatorio tener seguro de moto con AMV \u00a1Contrata hoy mismo y circula con tranquilidad!\" \/>\n<meta name=\"robots\" content=\"index, follow, max-snippet:-1, max-image-preview:large, max-video-preview:-1\" \/>\n<link rel=\"canonical\" href=\"https:\/\/www.amv.es\/blog\/ufaq\/es-obligatorio-tener-seguro-para-una-moto-que-no-utilizo\/\" \/>\n<meta property=\"og:locale\" content=\"es_ES\" \/>\n<meta property=\"og:type\" content=\"article\" \/>\n<meta property=\"og:title\" content=\"\u00bfEs obligatorio tener un seguro para una moto que no utilizo? | Blog AMV\" \/>\n<meta property=\"og:description\" content=\"rotege tu seguridad y cumple con la ley. Descubre por qu\u00e9 es obligatorio tener seguro de moto con AMV \u00a1Contrata hoy mismo y circula con tranquilidad!\" \/>\n<meta property=\"og:url\" content=\"https:\/\/www.amv.es\/blog\/ufaq\/es-obligatorio-tener-seguro-para-una-moto-que-no-utilizo\/\" \/>\n<meta property=\"og:site_name\" content=\"Blog AMV\" \/>\n<meta property=\"article:modified_time\" content=\"2025-03-18T11:27:45+00:00\" \/>\n<meta property=\"og:image\" content=\"https:\/\/www.amv.es\/blog\/wp-content\/uploads\/2024\/12\/dar-de-baja-una-moto.jpg\" \/>\n\t<meta property=\"og:image:width\" content=\"650\" \/>\n\t<meta property=\"og:image:height\" content=\"432\" \/>\n\t<meta property=\"og:image:type\" content=\"image\/jpeg\" \/>\n<meta name=\"twitter:card\" content=\"summary_large_image\" \/>\n<script type=\"application\/ld+json\" class=\"yoast-schema-graph\">{\"@context\":\"https:\\\/\\\/schema.org\",\"@graph\":[{\"@type\":\"Article\",\"@id\":\"https:\\\/\\\/www.amv.es\\\/blog\\\/ufaq\\\/es-obligatorio-tener-seguro-para-una-moto-que-no-utilizo\\\/#article\",\"isPartOf\":{\"@id\":\"https:\\\/\\\/www.amv.es\\\/blog\\\/ufaq\\\/es-obligatorio-tener-seguro-para-una-moto-que-no-utilizo\\\/\"},\"author\":{\"name\":\"Equipo AMV\",\"@id\":\"https:\\\/\\\/www.amv.es\\\/blog\\\/#\\\/schema\\\/person\\\/6d35c1550bc63400096567b9f314a904\"},\"headline\":\"\u00bfEs obligatorio tener un seguro para una moto que no utilizo?\",\"datePublished\":\"2024-09-29T15:37:01+00:00\",\"dateModified\":\"2025-03-18T11:27:45+00:00\",\"mainEntityOfPage\":{\"@id\":\"https:\\\/\\\/www.amv.es\\\/blog\\\/ufaq\\\/es-obligatorio-tener-seguro-para-una-moto-que-no-utilizo\\\/\"},\"wordCount\":1926,\"publisher\":{\"@id\":\"https:\\\/\\\/www.amv.es\\\/blog\\\/#organization\"},\"image\":{\"@id\":\"https:\\\/\\\/www.amv.es\\\/blog\\\/ufaq\\\/es-obligatorio-tener-seguro-para-una-moto-que-no-utilizo\\\/#primaryimage\"},\"thumbnailUrl\":\"https:\\\/\\\/www.amv.es\\\/blog\\\/wp-content\\\/uploads\\\/2024\\\/12\\\/dar-de-baja-una-moto.jpg\",\"inLanguage\":\"es\"},{\"@type\":\"WebPage\",\"@id\":\"https:\\\/\\\/www.amv.es\\\/blog\\\/ufaq\\\/es-obligatorio-tener-seguro-para-una-moto-que-no-utilizo\\\/\",\"url\":\"https:\\\/\\\/www.amv.es\\\/blog\\\/ufaq\\\/es-obligatorio-tener-seguro-para-una-moto-que-no-utilizo\\\/\",\"name\":\"\u00bfEs obligatorio tener un seguro para una moto que no utilizo? | Blog AMV\",\"isPartOf\":{\"@id\":\"https:\\\/\\\/www.amv.es\\\/blog\\\/#website\"},\"primaryImageOfPage\":{\"@id\":\"https:\\\/\\\/www.amv.es\\\/blog\\\/ufaq\\\/es-obligatorio-tener-seguro-para-una-moto-que-no-utilizo\\\/#primaryimage\"},\"image\":{\"@id\":\"https:\\\/\\\/www.amv.es\\\/blog\\\/ufaq\\\/es-obligatorio-tener-seguro-para-una-moto-que-no-utilizo\\\/#primaryimage\"},\"thumbnailUrl\":\"https:\\\/\\\/www.amv.es\\\/blog\\\/wp-content\\\/uploads\\\/2024\\\/12\\\/dar-de-baja-una-moto.jpg\",\"datePublished\":\"2024-09-29T15:37:01+00:00\",\"dateModified\":\"2025-03-18T11:27:45+00:00\",\"description\":\"rotege tu seguridad y cumple con la ley. Descubre por qu\u00e9 es obligatorio tener seguro de moto con AMV \u00a1Contrata hoy mismo y circula con tranquilidad!\",\"breadcrumb\":{\"@id\":\"https:\\\/\\\/www.amv.es\\\/blog\\\/ufaq\\\/es-obligatorio-tener-seguro-para-una-moto-que-no-utilizo\\\/#breadcrumb\"},\"inLanguage\":\"es\",\"potentialAction\":[{\"@type\":\"ReadAction\",\"target\":[\"https:\\\/\\\/www.amv.es\\\/blog\\\/ufaq\\\/es-obligatorio-tener-seguro-para-una-moto-que-no-utilizo\\\/\"]}]},{\"@type\":\"ImageObject\",\"inLanguage\":\"es\",\"@id\":\"https:\\\/\\\/www.amv.es\\\/blog\\\/ufaq\\\/es-obligatorio-tener-seguro-para-una-moto-que-no-utilizo\\\/#primaryimage\",\"url\":\"https:\\\/\\\/www.amv.es\\\/blog\\\/wp-content\\\/uploads\\\/2024\\\/12\\\/dar-de-baja-una-moto.jpg\",\"contentUrl\":\"https:\\\/\\\/www.amv.es\\\/blog\\\/wp-content\\\/uploads\\\/2024\\\/12\\\/dar-de-baja-una-moto.jpg\",\"width\":650,\"height\":432,\"caption\":\"Tr\u00e1mites para dar de baja una moto\"},{\"@type\":\"BreadcrumbList\",\"@id\":\"https:\\\/\\\/www.amv.es\\\/blog\\\/ufaq\\\/es-obligatorio-tener-seguro-para-una-moto-que-no-utilizo\\\/#breadcrumb\",\"itemListElement\":[{\"@type\":\"ListItem\",\"position\":1,\"name\":\"Noticias AMV\",\"item\":\"https:\\\/\\\/www.amv.es\\\/blog\\\/\"},{\"@type\":\"ListItem\",\"position\":2,\"name\":\"FAQs\",\"item\":\"https:\\\/\\\/www.amv.es\\\/blog\\\/ufaq\\\/\"},{\"@type\":\"ListItem\",\"position\":3,\"name\":\"Tipolog\u00eda\",\"item\":\"https:\\\/\\\/www.amv.es\\\/blog\\\/categoria-faq\\\/tipologia\\\/\"},{\"@type\":\"ListItem\",\"position\":4,\"name\":\"Consultas Generales\",\"item\":\"https:\\\/\\\/www.amv.es\\\/blog\\\/categoria-faq\\\/consultas-generales\\\/\"},{\"@type\":\"ListItem\",\"position\":5,\"name\":\"\u00bfEs obligatorio tener un seguro para una moto que no utilizo?\"}]},{\"@type\":\"WebSite\",\"@id\":\"https:\\\/\\\/www.amv.es\\\/blog\\\/#website\",\"url\":\"https:\\\/\\\/www.amv.es\\\/blog\\\/\",\"name\":\"AMV\",\"description\":\"Blog de Motos y Noticias sobre Seguros\",\"publisher\":{\"@id\":\"https:\\\/\\\/www.amv.es\\\/blog\\\/#organization\"},\"potentialAction\":[{\"@type\":\"SearchAction\",\"target\":{\"@type\":\"EntryPoint\",\"urlTemplate\":\"https:\\\/\\\/www.amv.es\\\/blog\\\/?s={search_term_string}\"},\"query-input\":{\"@type\":\"PropertyValueSpecification\",\"valueRequired\":true,\"valueName\":\"search_term_string\"}}],\"inLanguage\":\"es\"},{\"@type\":\"Organization\",\"@id\":\"https:\\\/\\\/www.amv.es\\\/blog\\\/#organization\",\"name\":\"AMV\",\"url\":\"https:\\\/\\\/www.amv.es\\\/blog\\\/\",\"logo\":{\"@type\":\"ImageObject\",\"inLanguage\":\"es\",\"@id\":\"https:\\\/\\\/www.amv.es\\\/blog\\\/#\\\/schema\\\/logo\\\/image\\\/\",\"url\":\"https:\\\/\\\/www.amv.es\\\/blog\\\/wp-content\\\/uploads\\\/2024\\\/11\\\/logo-amv-perfil-noticias.jpg\",\"contentUrl\":\"https:\\\/\\\/www.amv.es\\\/blog\\\/wp-content\\\/uploads\\\/2024\\\/11\\\/logo-amv-perfil-noticias.jpg\",\"width\":634,\"height\":634,\"caption\":\"AMV\"},\"image\":{\"@id\":\"https:\\\/\\\/www.amv.es\\\/blog\\\/#\\\/schema\\\/logo\\\/image\\\/\"}},{\"@type\":\"Person\",\"@id\":\"https:\\\/\\\/www.amv.es\\\/blog\\\/#\\\/schema\\\/person\\\/6d35c1550bc63400096567b9f314a904\",\"name\":\"Equipo AMV\",\"image\":{\"@type\":\"ImageObject\",\"inLanguage\":\"es\",\"@id\":\"https:\\\/\\\/www.amv.es\\\/blog\\\/wp-content\\\/uploads\\\/2024\\\/11\\\/cropped-cropped-logo-amv-perfil-noticias-96x96.jpg\",\"url\":\"https:\\\/\\\/www.amv.es\\\/blog\\\/wp-content\\\/uploads\\\/2024\\\/11\\\/cropped-cropped-logo-amv-perfil-noticias-96x96.jpg\",\"contentUrl\":\"https:\\\/\\\/www.amv.es\\\/blog\\\/wp-content\\\/uploads\\\/2024\\\/11\\\/cropped-cropped-logo-amv-perfil-noticias-96x96.jpg\",\"caption\":\"Equipo AMV\"},\"description\":\"Somos especialistas en seguros de moto. Aqu\u00ed encontrar\u00e1s todas las novedades y contenidos de inter\u00e9s relacionados con el mundo de las dos ruedas.\",\"url\":\"https:\\\/\\\/www.amv.es\\\/blog\\\/author\\\/equipo-amv\\\/\"}]}<\/script>\n<!-- \/ Yoast SEO plugin. -->","yoast_head_json":{"title":"\u00bfEs obligatorio tener un seguro para una moto que no utilizo? | Blog AMV","description":"rotege tu seguridad y cumple con la ley. Descubre por qu\u00e9 es obligatorio tener seguro de moto con AMV \u00a1Contrata hoy mismo y circula con tranquilidad!","robots":{"index":"index","follow":"follow","max-snippet":"max-snippet:-1","max-image-preview":"max-image-preview:large","max-video-preview":"max-video-preview:-1"},"canonical":"https:\/\/www.amv.es\/blog\/ufaq\/es-obligatorio-tener-seguro-para-una-moto-que-no-utilizo\/","og_locale":"es_ES","og_type":"article","og_title":"\u00bfEs obligatorio tener un seguro para una moto que no utilizo? | Blog AMV","og_description":"rotege tu seguridad y cumple con la ley. Descubre por qu\u00e9 es obligatorio tener seguro de moto con AMV \u00a1Contrata hoy mismo y circula con tranquilidad!","og_url":"https:\/\/www.amv.es\/blog\/ufaq\/es-obligatorio-tener-seguro-para-una-moto-que-no-utilizo\/","og_site_name":"Blog AMV","article_modified_time":"2025-03-18T11:27:45+00:00","og_image":[{"width":650,"height":432,"url":"https:\/\/www.amv.es\/blog\/wp-content\/uploads\/2024\/12\/dar-de-baja-una-moto.jpg","type":"image\/jpeg"}],"twitter_card":"summary_large_image","schema":{"@context":"https:\/\/schema.org","@graph":[{"@type":"Article","@id":"https:\/\/www.amv.es\/blog\/ufaq\/es-obligatorio-tener-seguro-para-una-moto-que-no-utilizo\/#article","isPartOf":{"@id":"https:\/\/www.amv.es\/blog\/ufaq\/es-obligatorio-tener-seguro-para-una-moto-que-no-utilizo\/"},"author":{"name":"Equipo AMV","@id":"https:\/\/www.amv.es\/blog\/#\/schema\/person\/6d35c1550bc63400096567b9f314a904"},"headline":"\u00bfEs obligatorio tener un seguro para una moto que no utilizo?","datePublished":"2024-09-29T15:37:01+00:00","dateModified":"2025-03-18T11:27:45+00:00","mainEntityOfPage":{"@id":"https:\/\/www.amv.es\/blog\/ufaq\/es-obligatorio-tener-seguro-para-una-moto-que-no-utilizo\/"},"wordCount":1926,"publisher":{"@id":"https:\/\/www.amv.es\/blog\/#organization"},"image":{"@id":"https:\/\/www.amv.es\/blog\/ufaq\/es-obligatorio-tener-seguro-para-una-moto-que-no-utilizo\/#primaryimage"},"thumbnailUrl":"https:\/\/www.amv.es\/blog\/wp-content\/uploads\/2024\/12\/dar-de-baja-una-moto.jpg","inLanguage":"es"},{"@type":"WebPage","@id":"https:\/\/www.amv.es\/blog\/ufaq\/es-obligatorio-tener-seguro-para-una-moto-que-no-utilizo\/","url":"https:\/\/www.amv.es\/blog\/ufaq\/es-obligatorio-tener-seguro-para-una-moto-que-no-utilizo\/","name":"\u00bfEs obligatorio tener un seguro para una moto que no utilizo? | Blog AMV","isPartOf":{"@id":"https:\/\/www.amv.es\/blog\/#website"},"primaryImageOfPage":{"@id":"https:\/\/www.amv.es\/blog\/ufaq\/es-obligatorio-tener-seguro-para-una-moto-que-no-utilizo\/#primaryimage"},"image":{"@id":"https:\/\/www.amv.es\/blog\/ufaq\/es-obligatorio-tener-seguro-para-una-moto-que-no-utilizo\/#primaryimage"},"thumbnailUrl":"https:\/\/www.amv.es\/blog\/wp-content\/uploads\/2024\/12\/dar-de-baja-una-moto.jpg","datePublished":"2024-09-29T15:37:01+00:00","dateModified":"2025-03-18T11:27:45+00:00","description":"rotege tu seguridad y cumple con la ley. Descubre por qu\u00e9 es obligatorio tener seguro de moto con AMV \u00a1Contrata hoy mismo y circula con tranquilidad!","breadcrumb":{"@id":"https:\/\/www.amv.es\/blog\/ufaq\/es-obligatorio-tener-seguro-para-una-moto-que-no-utilizo\/#breadcrumb"},"inLanguage":"es","potentialAction":[{"@type":"ReadAction","target":["https:\/\/www.amv.es\/blog\/ufaq\/es-obligatorio-tener-seguro-para-una-moto-que-no-utilizo\/"]}]},{"@type":"ImageObject","inLanguage":"es","@id":"https:\/\/www.amv.es\/blog\/ufaq\/es-obligatorio-tener-seguro-para-una-moto-que-no-utilizo\/#primaryimage","url":"https:\/\/www.amv.es\/blog\/wp-content\/uploads\/2024\/12\/dar-de-baja-una-moto.jpg","contentUrl":"https:\/\/www.amv.es\/blog\/wp-content\/uploads\/2024\/12\/dar-de-baja-una-moto.jpg","width":650,"height":432,"caption":"Tr\u00e1mites para dar de baja una moto"},{"@type":"BreadcrumbList","@id":"https:\/\/www.amv.es\/blog\/ufaq\/es-obligatorio-tener-seguro-para-una-moto-que-no-utilizo\/#breadcrumb","itemListElement":[{"@type":"ListItem","position":1,"name":"Noticias AMV","item":"https:\/\/www.amv.es\/blog\/"},{"@type":"ListItem","position":2,"name":"FAQs","item":"https:\/\/www.amv.es\/blog\/ufaq\/"},{"@type":"ListItem","position":3,"name":"Tipolog\u00eda","item":"https:\/\/www.amv.es\/blog\/categoria-faq\/tipologia\/"},{"@type":"ListItem","position":4,"name":"Consultas Generales","item":"https:\/\/www.amv.es\/blog\/categoria-faq\/consultas-generales\/"},{"@type":"ListItem","position":5,"name":"\u00bfEs obligatorio tener un seguro para una moto que no utilizo?"}]},{"@type":"WebSite","@id":"https:\/\/www.amv.es\/blog\/#website","url":"https:\/\/www.amv.es\/blog\/","name":"AMV","description":"Blog de Motos y Noticias sobre Seguros","publisher":{"@id":"https:\/\/www.amv.es\/blog\/#organization"},"potentialAction":[{"@type":"SearchAction","target":{"@type":"EntryPoint","urlTemplate":"https:\/\/www.amv.es\/blog\/?s={search_term_string}"},"query-input":{"@type":"PropertyValueSpecification","valueRequired":true,"valueName":"search_term_string"}}],"inLanguage":"es"},{"@type":"Organization","@id":"https:\/\/www.amv.es\/blog\/#organization","name":"AMV","url":"https:\/\/www.amv.es\/blog\/","logo":{"@type":"ImageObject","inLanguage":"es","@id":"https:\/\/www.amv.es\/blog\/#\/schema\/logo\/image\/","url":"https:\/\/www.amv.es\/blog\/wp-content\/uploads\/2024\/11\/logo-amv-perfil-noticias.jpg","contentUrl":"https:\/\/www.amv.es\/blog\/wp-content\/uploads\/2024\/11\/logo-amv-perfil-noticias.jpg","width":634,"height":634,"caption":"AMV"},"image":{"@id":"https:\/\/www.amv.es\/blog\/#\/schema\/logo\/image\/"}},{"@type":"Person","@id":"https:\/\/www.amv.es\/blog\/#\/schema\/person\/6d35c1550bc63400096567b9f314a904","name":"Equipo AMV","image":{"@type":"ImageObject","inLanguage":"es","@id":"https:\/\/www.amv.es\/blog\/wp-content\/uploads\/2024\/11\/cropped-cropped-logo-amv-perfil-noticias-96x96.jpg","url":"https:\/\/www.amv.es\/blog\/wp-content\/uploads\/2024\/11\/cropped-cropped-logo-amv-perfil-noticias-96x96.jpg","contentUrl":"https:\/\/www.amv.es\/blog\/wp-content\/uploads\/2024\/11\/cropped-cropped-logo-amv-perfil-noticias-96x96.jpg","caption":"Equipo AMV"},"description":"Somos especialistas en seguros de moto. Aqu\u00ed encontrar\u00e1s todas las novedades y contenidos de inter\u00e9s relacionados con el mundo de las dos ruedas.","url":"https:\/\/www.amv.es\/blog\/author\/equipo-amv\/"}]}},"_links":{"self":[{"href":"https:\/\/www.amv.es\/blog\/wp-json\/wp\/v2\/avada_faq\/338","targetHints":{"allow":["GET"]}}],"collection":[{"href":"https:\/\/www.amv.es\/blog\/wp-json\/wp\/v2\/avada_faq"}],"about":[{"href":"https:\/\/www.amv.es\/blog\/wp-json\/wp\/v2\/types\/avada_faq"}],"author":[{"embeddable":true,"href":"https:\/\/www.amv.es\/blog\/wp-json\/wp\/v2\/users\/3"}],"replies":[{"embeddable":true,"href":"https:\/\/www.amv.es\/blog\/wp-json\/wp\/v2\/comments?post=338"}],"version-history":[{"count":2,"href":"https:\/\/www.amv.es\/blog\/wp-json\/wp\/v2\/avada_faq\/338\/revisions"}],"predecessor-version":[{"id":5273,"href":"https:\/\/www.amv.es\/blog\/wp-json\/wp\/v2\/avada_faq\/338\/revisions\/5273"}],"wp:featuredmedia":[{"embeddable":true,"href":"https:\/\/www.amv.es\/blog\/wp-json\/wp\/v2\/media\/4373"}],"wp:attachment":[{"href":"https:\/\/www.amv.es\/blog\/wp-json\/wp\/v2\/media?parent=338"}],"wp:term":[{"taxonomy":"faq_category","embeddable":true,"href":"https:\/\/www.amv.es\/blog\/wp-json\/wp\/v2\/faq_category?post=338"}],"curies":[{"name":"wp","href":"https:\/\/api.w.org\/{rel}","templated":true}]}}