{"id":6921,"date":"2026-02-20T14:25:02","date_gmt":"2026-02-20T12:25:02","guid":{"rendered":"https:\/\/www.amv.es\/blog\/?post_type=avada_faq&#038;p=6921"},"modified":"2026-02-20T14:25:02","modified_gmt":"2026-02-20T12:25:02","slug":"puedo-conducir-un-scooter-si-soy-menor-de-edad","status":"publish","type":"avada_faq","link":"https:\/\/www.amv.es\/blog\/ufaq\/puedo-conducir-un-scooter-si-soy-menor-de-edad\/","title":{"rendered":"\u00bfPuedo conducir un scooter si soy menor de edad?"},"content":{"rendered":"<p>S\u00ed se puede conducir un scooter siendo menor de edad, pero en funci\u00f3n de la cilindrada se te exigir\u00e1 una edad m\u00ednima:<\/p>\n<p>&#8211;\u00a0\u00a0\u00a0\u00a0\u00a0\u00a0\u00a0 Para un ciclomotor de hasta 50cc : tendr\u00e1s que obtener el permiso AM, y tendr\u00e1s que tener al menos 15 a\u00f1os para poder examinarte.<\/p>\n<p>&#8211;\u00a0\u00a0\u00a0\u00a0\u00a0\u00a0\u00a0 Para\u00a0 un scooter o una moto de hasta 125cc (11 kW): tendr\u00e1s que obtener el carnet A1, y tendr\u00e1s que haber cumplido 16 a\u00f1os para poder hacer el examen.<\/p>\n<p>Si quieres <a href=\"https:\/\/www.amv.es\/seguro-moto\/\/scooter\/tarificar\/\">asegurar tu scooter siendo menor de edad<\/a>, ten en cuenta que necesitaremos designar la figura del representante legal, para poder hacer los tr\u00e1mites y gesti\u00f3n de tu p\u00f3liza.<\/p>\n<p>Aqu\u00ed te dejamos un breve resumen de los requisitos para conducir un scooter o motocicleta siendo menor de edad:<\/p>\n<p>Conducir ciclomotores (hasta 50 cc)<\/p>\n<p>&#8211;\u00a0\u00a0\u00a0\u00a0\u00a0\u00a0\u00a0 Edad m\u00ednima: 15 a\u00f1os.<\/p>\n<p>&#8211;\u00a0\u00a0\u00a0\u00a0\u00a0\u00a0\u00a0 Permiso necesario: Permiso AM.<\/p>\n<p>&#8211;\u00a0\u00a0\u00a0\u00a0\u00a0\u00a0\u00a0 Requisitos: Aprobar un examen te\u00f3rico y una prueba pr\u00e1ctica de circuito.<\/p>\n<p>&#8211;\u00a0\u00a0\u00a0\u00a0\u00a0\u00a0\u00a0 Caracter\u00edsticas: Permite conducir ciclomotores de hasta 50 cc, con una potencia m\u00e1xima de 4 kW (5,44 CV) y una velocidad m\u00e1xima de 45 km\/h.<\/p>\n<p>Conducir motocicletas ligeras (hasta 125 cc)<\/p>\n<p>&#8211;\u00a0\u00a0\u00a0\u00a0\u00a0\u00a0\u00a0 Edad m\u00ednima: 16 a\u00f1os.<\/p>\n<p>&#8211;\u00a0\u00a0\u00a0\u00a0\u00a0\u00a0\u00a0 Permiso necesario: Permiso A1.<\/p>\n<p>&#8211;\u00a0\u00a0\u00a0\u00a0\u00a0\u00a0\u00a0 Caracter\u00edsticas: Permite conducir motocicletas ligeras de hasta 125 cc y 11 kW (15 CV) de potencia.<\/p>\n<p><a href=\"https:\/\/www.amv.es\/seguro-moto\/\/scooter\/tarificar\/\">Calcula AQU\u00cd tu seguro de scooter<\/a><\/p>\n","protected":false},"excerpt":{"rendered":"<p>S\u00ed se puede conducir un scooter siendo menor de edad, pero en funci\u00f3n de la cilindrada se te exigir\u00e1 una edad m\u00ednima: &#8211;\u00a0\u00a0\u00a0\u00a0\u00a0\u00a0\u00a0 Para un ciclomotor de hasta 50cc : tendr\u00e1s que obtener el permiso AM, y tendr\u00e1s que tener al menos 15 a\u00f1os para poder examinarte. &#8211;\u00a0\u00a0\u00a0\u00a0\u00a0\u00a0\u00a0 Para\u00a0 un  [&#8230;]<\/p>\n","protected":false},"author":5,"featured_media":0,"menu_order":0,"comment_status":"open","ping_status":"closed","template":"","format":"standard","meta":{"_acf_changed":false,"footnotes":""},"faq_category":[],"class_list":["post-6921","avada_faq","type-avada_faq","status-publish","format-standard","hentry"],"acf":[],"yoast_head":"<!-- This site is optimized with the Yoast SEO plugin v27.4 - https:\/\/yoast.com\/product\/yoast-seo-wordpress\/ -->\n<title>\u00bfPuedo conducir un scooter si soy menor de edad? | Blog AMV<\/title>\n<meta name=\"robots\" content=\"index, follow, max-snippet:-1, max-image-preview:large, max-video-preview:-1\" \/>\n<link rel=\"canonical\" href=\"https:\/\/www.amv.es\/blog\/ufaq\/puedo-conducir-un-scooter-si-soy-menor-de-edad\/\" \/>\n<meta property=\"og:locale\" content=\"es_ES\" \/>\n<meta property=\"og:type\" content=\"article\" \/>\n<meta property=\"og:title\" content=\"\u00bfPuedo conducir un scooter si soy menor de edad? | Blog AMV\" \/>\n<meta property=\"og:description\" content=\"S\u00ed se puede conducir un scooter siendo menor de edad, pero en funci\u00f3n de la cilindrada se te exigir\u00e1 una edad m\u00ednima: &#8211;\u00a0\u00a0\u00a0\u00a0\u00a0\u00a0\u00a0 Para un ciclomotor de hasta 50cc : tendr\u00e1s que obtener el permiso AM, y tendr\u00e1s que tener al menos 15 a\u00f1os para poder examinarte. &#8211;\u00a0\u00a0\u00a0\u00a0\u00a0\u00a0\u00a0 Para\u00a0 un [...]\" \/>\n<meta property=\"og:url\" content=\"https:\/\/www.amv.es\/blog\/ufaq\/puedo-conducir-un-scooter-si-soy-menor-de-edad\/\" \/>\n<meta property=\"og:site_name\" content=\"Blog AMV\" \/>\n<meta property=\"og:image\" content=\"https:\/\/www.amv.es\/blog\/wp-content\/uploads\/2024\/11\/logo-amv-perfil-noticias.jpg\" \/>\n\t<meta property=\"og:image:width\" content=\"634\" \/>\n\t<meta property=\"og:image:height\" content=\"634\" \/>\n\t<meta property=\"og:image:type\" content=\"image\/jpeg\" \/>\n<meta name=\"twitter:card\" content=\"summary_large_image\" \/>\n<script type=\"application\/ld+json\" class=\"yoast-schema-graph\">{\"@context\":\"https:\\\/\\\/schema.org\",\"@graph\":[{\"@type\":\"Article\",\"@id\":\"https:\\\/\\\/www.amv.es\\\/blog\\\/ufaq\\\/puedo-conducir-un-scooter-si-soy-menor-de-edad\\\/#article\",\"isPartOf\":{\"@id\":\"https:\\\/\\\/www.amv.es\\\/blog\\\/ufaq\\\/puedo-conducir-un-scooter-si-soy-menor-de-edad\\\/\"},\"author\":{\"name\":\"Marta Nieto\",\"@id\":\"https:\\\/\\\/www.amv.es\\\/blog\\\/#\\\/schema\\\/person\\\/e2212bdf6b9785b16cd15e31b22077ed\"},\"headline\":\"\u00bfPuedo conducir un scooter si soy menor de edad?\",\"datePublished\":\"2026-02-20T12:25:02+00:00\",\"mainEntityOfPage\":{\"@id\":\"https:\\\/\\\/www.amv.es\\\/blog\\\/ufaq\\\/puedo-conducir-un-scooter-si-soy-menor-de-edad\\\/\"},\"wordCount\":233,\"commentCount\":0,\"publisher\":{\"@id\":\"https:\\\/\\\/www.amv.es\\\/blog\\\/#organization\"},\"inLanguage\":\"es\",\"potentialAction\":[{\"@type\":\"CommentAction\",\"name\":\"Comment\",\"target\":[\"https:\\\/\\\/www.amv.es\\\/blog\\\/ufaq\\\/puedo-conducir-un-scooter-si-soy-menor-de-edad\\\/#respond\"]}]},{\"@type\":\"WebPage\",\"@id\":\"https:\\\/\\\/www.amv.es\\\/blog\\\/ufaq\\\/puedo-conducir-un-scooter-si-soy-menor-de-edad\\\/\",\"url\":\"https:\\\/\\\/www.amv.es\\\/blog\\\/ufaq\\\/puedo-conducir-un-scooter-si-soy-menor-de-edad\\\/\",\"name\":\"\u00bfPuedo conducir un scooter si soy menor de edad? | Blog AMV\",\"isPartOf\":{\"@id\":\"https:\\\/\\\/www.amv.es\\\/blog\\\/#website\"},\"datePublished\":\"2026-02-20T12:25:02+00:00\",\"breadcrumb\":{\"@id\":\"https:\\\/\\\/www.amv.es\\\/blog\\\/ufaq\\\/puedo-conducir-un-scooter-si-soy-menor-de-edad\\\/#breadcrumb\"},\"inLanguage\":\"es\",\"potentialAction\":[{\"@type\":\"ReadAction\",\"target\":[\"https:\\\/\\\/www.amv.es\\\/blog\\\/ufaq\\\/puedo-conducir-un-scooter-si-soy-menor-de-edad\\\/\"]}]},{\"@type\":\"BreadcrumbList\",\"@id\":\"https:\\\/\\\/www.amv.es\\\/blog\\\/ufaq\\\/puedo-conducir-un-scooter-si-soy-menor-de-edad\\\/#breadcrumb\",\"itemListElement\":[{\"@type\":\"ListItem\",\"position\":1,\"name\":\"Noticias AMV\",\"item\":\"https:\\\/\\\/www.amv.es\\\/blog\\\/\"},{\"@type\":\"ListItem\",\"position\":2,\"name\":\"FAQs\",\"item\":\"https:\\\/\\\/www.amv.es\\\/blog\\\/ufaq\\\/\"},{\"@type\":\"ListItem\",\"position\":3,\"name\":\"\u00bfPuedo conducir un scooter si soy menor de edad?\"}]},{\"@type\":\"WebSite\",\"@id\":\"https:\\\/\\\/www.amv.es\\\/blog\\\/#website\",\"url\":\"https:\\\/\\\/www.amv.es\\\/blog\\\/\",\"name\":\"AMV\",\"description\":\"Blog de Motos y Noticias sobre Seguros\",\"publisher\":{\"@id\":\"https:\\\/\\\/www.amv.es\\\/blog\\\/#organization\"},\"potentialAction\":[{\"@type\":\"SearchAction\",\"target\":{\"@type\":\"EntryPoint\",\"urlTemplate\":\"https:\\\/\\\/www.amv.es\\\/blog\\\/?s={search_term_string}\"},\"query-input\":{\"@type\":\"PropertyValueSpecification\",\"valueRequired\":true,\"valueName\":\"search_term_string\"}}],\"inLanguage\":\"es\"},{\"@type\":\"Organization\",\"@id\":\"https:\\\/\\\/www.amv.es\\\/blog\\\/#organization\",\"name\":\"AMV\",\"url\":\"https:\\\/\\\/www.amv.es\\\/blog\\\/\",\"logo\":{\"@type\":\"ImageObject\",\"inLanguage\":\"es\",\"@id\":\"https:\\\/\\\/www.amv.es\\\/blog\\\/#\\\/schema\\\/logo\\\/image\\\/\",\"url\":\"https:\\\/\\\/www.amv.es\\\/blog\\\/wp-content\\\/uploads\\\/2024\\\/11\\\/logo-amv-perfil-noticias.jpg\",\"contentUrl\":\"https:\\\/\\\/www.amv.es\\\/blog\\\/wp-content\\\/uploads\\\/2024\\\/11\\\/logo-amv-perfil-noticias.jpg\",\"width\":634,\"height\":634,\"caption\":\"AMV\"},\"image\":{\"@id\":\"https:\\\/\\\/www.amv.es\\\/blog\\\/#\\\/schema\\\/logo\\\/image\\\/\"}},{\"@type\":\"Person\",\"@id\":\"https:\\\/\\\/www.amv.es\\\/blog\\\/#\\\/schema\\\/person\\\/e2212bdf6b9785b16cd15e31b22077ed\",\"name\":\"Marta Nieto\",\"image\":{\"@type\":\"ImageObject\",\"inLanguage\":\"es\",\"@id\":\"https:\\\/\\\/secure.gravatar.com\\\/avatar\\\/e87db9a0522b86b20f30a92277de709b1592d3ad4aabf66e6e838c4b2586c07a?s=96&d=blank&r=g\",\"url\":\"https:\\\/\\\/secure.gravatar.com\\\/avatar\\\/e87db9a0522b86b20f30a92277de709b1592d3ad4aabf66e6e838c4b2586c07a?s=96&d=blank&r=g\",\"contentUrl\":\"https:\\\/\\\/secure.gravatar.com\\\/avatar\\\/e87db9a0522b86b20f30a92277de709b1592d3ad4aabf66e6e838c4b2586c07a?s=96&d=blank&r=g\",\"caption\":\"Marta Nieto\"},\"url\":\"https:\\\/\\\/www.amv.es\\\/blog\\\/author\\\/mnieto\\\/\"}]}<\/script>\n<!-- \/ Yoast SEO plugin. -->","yoast_head_json":{"title":"\u00bfPuedo conducir un scooter si soy menor de edad? | Blog AMV","robots":{"index":"index","follow":"follow","max-snippet":"max-snippet:-1","max-image-preview":"max-image-preview:large","max-video-preview":"max-video-preview:-1"},"canonical":"https:\/\/www.amv.es\/blog\/ufaq\/puedo-conducir-un-scooter-si-soy-menor-de-edad\/","og_locale":"es_ES","og_type":"article","og_title":"\u00bfPuedo conducir un scooter si soy menor de edad? | Blog AMV","og_description":"S\u00ed se puede conducir un scooter siendo menor de edad, pero en funci\u00f3n de la cilindrada se te exigir\u00e1 una edad m\u00ednima: &#8211;\u00a0\u00a0\u00a0\u00a0\u00a0\u00a0\u00a0 Para un ciclomotor de hasta 50cc : tendr\u00e1s que obtener el permiso AM, y tendr\u00e1s que tener al menos 15 a\u00f1os para poder examinarte. &#8211;\u00a0\u00a0\u00a0\u00a0\u00a0\u00a0\u00a0 Para\u00a0 un [...]","og_url":"https:\/\/www.amv.es\/blog\/ufaq\/puedo-conducir-un-scooter-si-soy-menor-de-edad\/","og_site_name":"Blog AMV","og_image":[{"width":634,"height":634,"url":"https:\/\/www.amv.es\/blog\/wp-content\/uploads\/2024\/11\/logo-amv-perfil-noticias.jpg","type":"image\/jpeg"}],"twitter_card":"summary_large_image","schema":{"@context":"https:\/\/schema.org","@graph":[{"@type":"Article","@id":"https:\/\/www.amv.es\/blog\/ufaq\/puedo-conducir-un-scooter-si-soy-menor-de-edad\/#article","isPartOf":{"@id":"https:\/\/www.amv.es\/blog\/ufaq\/puedo-conducir-un-scooter-si-soy-menor-de-edad\/"},"author":{"name":"Marta Nieto","@id":"https:\/\/www.amv.es\/blog\/#\/schema\/person\/e2212bdf6b9785b16cd15e31b22077ed"},"headline":"\u00bfPuedo conducir un scooter si soy menor de edad?","datePublished":"2026-02-20T12:25:02+00:00","mainEntityOfPage":{"@id":"https:\/\/www.amv.es\/blog\/ufaq\/puedo-conducir-un-scooter-si-soy-menor-de-edad\/"},"wordCount":233,"commentCount":0,"publisher":{"@id":"https:\/\/www.amv.es\/blog\/#organization"},"inLanguage":"es","potentialAction":[{"@type":"CommentAction","name":"Comment","target":["https:\/\/www.amv.es\/blog\/ufaq\/puedo-conducir-un-scooter-si-soy-menor-de-edad\/#respond"]}]},{"@type":"WebPage","@id":"https:\/\/www.amv.es\/blog\/ufaq\/puedo-conducir-un-scooter-si-soy-menor-de-edad\/","url":"https:\/\/www.amv.es\/blog\/ufaq\/puedo-conducir-un-scooter-si-soy-menor-de-edad\/","name":"\u00bfPuedo conducir un scooter si soy menor de edad? | Blog AMV","isPartOf":{"@id":"https:\/\/www.amv.es\/blog\/#website"},"datePublished":"2026-02-20T12:25:02+00:00","breadcrumb":{"@id":"https:\/\/www.amv.es\/blog\/ufaq\/puedo-conducir-un-scooter-si-soy-menor-de-edad\/#breadcrumb"},"inLanguage":"es","potentialAction":[{"@type":"ReadAction","target":["https:\/\/www.amv.es\/blog\/ufaq\/puedo-conducir-un-scooter-si-soy-menor-de-edad\/"]}]},{"@type":"BreadcrumbList","@id":"https:\/\/www.amv.es\/blog\/ufaq\/puedo-conducir-un-scooter-si-soy-menor-de-edad\/#breadcrumb","itemListElement":[{"@type":"ListItem","position":1,"name":"Noticias AMV","item":"https:\/\/www.amv.es\/blog\/"},{"@type":"ListItem","position":2,"name":"FAQs","item":"https:\/\/www.amv.es\/blog\/ufaq\/"},{"@type":"ListItem","position":3,"name":"\u00bfPuedo conducir un scooter si soy menor de edad?"}]},{"@type":"WebSite","@id":"https:\/\/www.amv.es\/blog\/#website","url":"https:\/\/www.amv.es\/blog\/","name":"AMV","description":"Blog de Motos y Noticias sobre Seguros","publisher":{"@id":"https:\/\/www.amv.es\/blog\/#organization"},"potentialAction":[{"@type":"SearchAction","target":{"@type":"EntryPoint","urlTemplate":"https:\/\/www.amv.es\/blog\/?s={search_term_string}"},"query-input":{"@type":"PropertyValueSpecification","valueRequired":true,"valueName":"search_term_string"}}],"inLanguage":"es"},{"@type":"Organization","@id":"https:\/\/www.amv.es\/blog\/#organization","name":"AMV","url":"https:\/\/www.amv.es\/blog\/","logo":{"@type":"ImageObject","inLanguage":"es","@id":"https:\/\/www.amv.es\/blog\/#\/schema\/logo\/image\/","url":"https:\/\/www.amv.es\/blog\/wp-content\/uploads\/2024\/11\/logo-amv-perfil-noticias.jpg","contentUrl":"https:\/\/www.amv.es\/blog\/wp-content\/uploads\/2024\/11\/logo-amv-perfil-noticias.jpg","width":634,"height":634,"caption":"AMV"},"image":{"@id":"https:\/\/www.amv.es\/blog\/#\/schema\/logo\/image\/"}},{"@type":"Person","@id":"https:\/\/www.amv.es\/blog\/#\/schema\/person\/e2212bdf6b9785b16cd15e31b22077ed","name":"Marta Nieto","image":{"@type":"ImageObject","inLanguage":"es","@id":"https:\/\/secure.gravatar.com\/avatar\/e87db9a0522b86b20f30a92277de709b1592d3ad4aabf66e6e838c4b2586c07a?s=96&d=blank&r=g","url":"https:\/\/secure.gravatar.com\/avatar\/e87db9a0522b86b20f30a92277de709b1592d3ad4aabf66e6e838c4b2586c07a?s=96&d=blank&r=g","contentUrl":"https:\/\/secure.gravatar.com\/avatar\/e87db9a0522b86b20f30a92277de709b1592d3ad4aabf66e6e838c4b2586c07a?s=96&d=blank&r=g","caption":"Marta Nieto"},"url":"https:\/\/www.amv.es\/blog\/author\/mnieto\/"}]}},"_links":{"self":[{"href":"https:\/\/www.amv.es\/blog\/wp-json\/wp\/v2\/avada_faq\/6921","targetHints":{"allow":["GET"]}}],"collection":[{"href":"https:\/\/www.amv.es\/blog\/wp-json\/wp\/v2\/avada_faq"}],"about":[{"href":"https:\/\/www.amv.es\/blog\/wp-json\/wp\/v2\/types\/avada_faq"}],"author":[{"embeddable":true,"href":"https:\/\/www.amv.es\/blog\/wp-json\/wp\/v2\/users\/5"}],"replies":[{"embeddable":true,"href":"https:\/\/www.amv.es\/blog\/wp-json\/wp\/v2\/comments?post=6921"}],"version-history":[{"count":1,"href":"https:\/\/www.amv.es\/blog\/wp-json\/wp\/v2\/avada_faq\/6921\/revisions"}],"predecessor-version":[{"id":6922,"href":"https:\/\/www.amv.es\/blog\/wp-json\/wp\/v2\/avada_faq\/6921\/revisions\/6922"}],"wp:attachment":[{"href":"https:\/\/www.amv.es\/blog\/wp-json\/wp\/v2\/media?parent=6921"}],"wp:term":[{"taxonomy":"faq_category","embeddable":true,"href":"https:\/\/www.amv.es\/blog\/wp-json\/wp\/v2\/faq_category?post=6921"}],"curies":[{"name":"wp","href":"https:\/\/api.w.org\/{rel}","templated":true}]}}